{"id":248,"date":"2025-06-06T10:36:55","date_gmt":"2025-06-06T16:36:55","guid":{"rendered":"https:\/\/organizacionsycoma.org\/?page_id=248"},"modified":"2025-06-06T12:36:04","modified_gmt":"2025-06-06T18:36:04","slug":"chorlo-tildio","status":"publish","type":"page","link":"https:\/\/organizacionsycoma.org\/?page_id=248","title":{"rendered":"Chorlo tild\u00edo"},"content":{"rendered":"\n<p><strong>Chorlo tild\u00edo, chortilejo colirrojo, killdeer (english language), <em>Charadrius vociferus<\/em>.<\/strong><\/p>\n\n\n\n<figure class=\"wp-block-image size-large\"><img loading=\"lazy\" decoding=\"async\" width=\"1024\" height=\"625\" src=\"https:\/\/organizacionsycoma.org\/wp-content\/uploads\/2025\/06\/sycoma_tildio_ficha-1024x625.jpg\" alt=\"sycoma_tildio_ficha\" class=\"wp-image-252\" srcset=\"https:\/\/organizacionsycoma.org\/wp-content\/uploads\/2025\/06\/sycoma_tildio_ficha-1024x625.jpg 1024w, https:\/\/organizacionsycoma.org\/wp-content\/uploads\/2025\/06\/sycoma_tildio_ficha-300x183.jpg 300w, https:\/\/organizacionsycoma.org\/wp-content\/uploads\/2025\/06\/sycoma_tildio_ficha-768x468.jpg 768w, https:\/\/organizacionsycoma.org\/wp-content\/uploads\/2025\/06\/sycoma_tildio_ficha-1140x695.jpg 1140w, https:\/\/organizacionsycoma.org\/wp-content\/uploads\/2025\/06\/sycoma_tildio_ficha.jpg 1400w\" sizes=\"auto, (max-width: 1024px) 100vw, 1024px\" \/><\/figure>\n\n\n\n<p class=\"has-text-align-left\">Ave de medio tama\u00f1o que reside en praderas y estuarios de Am\u00e9rica aliment\u00e1ndose de invertebrados.<\/p>\n\n\n\n<p class=\"has-text-align-left\">En el \u00e1rea de San Jos\u00e9 del Cabo contamos con una poblaci\u00f3n residente, y <strong>comparten \u00e9poca de anidaci\u00f3n y zonas con el charr\u00e1n m\u00ednimo<\/strong>, quiz\u00e1s tomando ventaja as\u00ed del sistema de protecci\u00f3n del \u00e1rea ejercida por esta segunda especie.<\/p>\n\n\n\n<p class=\"has-text-align-left\">Estas aves tampoco construyen nido alguno, y depositan los huevos sobre la arena en sus zonas de anidaci\u00f3n. Una vez nacido el pollo (por lo general 3-4) este est\u00e1 preparado para correr y es independiente aunque cuente con la supervisi\u00f3n de sus padres. Se trata de una especie nid\u00edfuga al igual que el charr\u00e1n m\u00ednimo.<\/p>\n\n\n\n<p class=\"has-text-align-left\">Como caracter\u00edstica m\u00e1s notoria de la zona de anidaci\u00f3n de esta especie es que al detectar a un intruso, los padres se alejar\u00e1n del nido o del polluelo y llamar\u00e1n la atenci\u00f3n del intruso mediante voces para intentar atraerlo hacia ellos y as\u00ed alejarlo del nido.<\/p>\n","protected":false},"excerpt":{"rendered":"<p>Chorlo tild\u00edo, chortilejo colirrojo, killdeer (english language), Charadrius vociferus. Ave de medio tama\u00f1o que reside en praderas y estuarios de Am\u00e9rica aliment\u00e1ndose de invertebrados. En el \u00e1rea de San Jos\u00e9 del Cabo contamos con una poblaci\u00f3n residente, y comparten \u00e9poca de anidaci\u00f3n y zonas con el charr\u00e1n m\u00ednimo, quiz\u00e1s tomando ventaja as\u00ed del sistema de protecci\u00f3n del \u00e1rea ejercida por esta segunda especie. Estas aves tampoco construyen nido alguno, y depositan los huevos sobre la arena en sus zonas de anidaci\u00f3n. Una vez nacido el pollo (por lo general 3-4) este est\u00e1 preparado para correr y es independiente aunque cuente con la supervisi\u00f3n de sus padres. Se trata de una especie nid\u00edfuga al igual que el charr\u00e1n m\u00ednimo. Como caracter\u00edstica m\u00e1s notoria de la zona de anidaci\u00f3n de esta especie es que al detectar a un intruso, los padres se alejar\u00e1n del nido o del polluelo y llamar\u00e1n la atenci\u00f3n del intruso mediante voces para intentar atraerlo hacia ellos y as\u00ed alejarlo del nido.<\/p>\n","protected":false},"author":2,"featured_media":0,"parent":0,"menu_order":0,"comment_status":"closed","ping_status":"closed","template":"","meta":{"footnotes":""},"class_list":["post-248","page","type-page","status-publish","hentry"],"jetpack_sharing_enabled":true,"_links":{"self":[{"href":"https:\/\/organizacionsycoma.org\/index.php?rest_route=\/wp\/v2\/pages\/248","targetHints":{"allow":["GET"]}}],"collection":[{"href":"https:\/\/organizacionsycoma.org\/index.php?rest_route=\/wp\/v2\/pages"}],"about":[{"href":"https:\/\/organizacionsycoma.org\/index.php?rest_route=\/wp\/v2\/types\/page"}],"author":[{"embeddable":true,"href":"https:\/\/organizacionsycoma.org\/index.php?rest_route=\/wp\/v2\/users\/2"}],"replies":[{"embeddable":true,"href":"https:\/\/organizacionsycoma.org\/index.php?rest_route=%2Fwp%2Fv2%2Fcomments&post=248"}],"version-history":[{"count":4,"href":"https:\/\/organizacionsycoma.org\/index.php?rest_route=\/wp\/v2\/pages\/248\/revisions"}],"predecessor-version":[{"id":258,"href":"https:\/\/organizacionsycoma.org\/index.php?rest_route=\/wp\/v2\/pages\/248\/revisions\/258"}],"wp:attachment":[{"href":"https:\/\/organizacionsycoma.org\/index.php?rest_route=%2Fwp%2Fv2%2Fmedia&parent=248"}],"curies":[{"name":"wp","href":"https:\/\/api.w.org\/{rel}","templated":true}]}}